{"id":9145,"date":"2021-11-01T20:10:22","date_gmt":"2021-11-01T23:10:22","guid":{"rendered":"https:\/\/festivalpoesiabsas.com.ar\/festivales-anteriores\/?post_type=tribe_events&#038;p=9145"},"modified":"2021-11-16T19:14:40","modified_gmt":"2021-11-16T22:14:40","slug":"palabras-y-misterios","status":"publish","type":"tribe_events","link":"https:\/\/festivalpoesiabsas.com.ar\/festivales-anteriores\/?tribe_events=palabras-y-misterios","title":{"rendered":"Palabras y misterios"},"content":{"rendered":"<div class=\"wpb-content-wrapper\"><p>[vc_row][vc_column][vc_column_text]<img loading=\"lazy\" decoding=\"async\" class=\"alignnone size-full wp-image-9323\" src=\"https:\/\/festivalpoesiabsas.com.ar\/festivales-anteriores\/wp-content\/uploads\/2021\/11\/misterios-4.jpg\" alt=\"\" width=\"1000\" height=\"493\" srcset=\"https:\/\/festivalpoesiabsas.com.ar\/festivales-anteriores\/wp-content\/uploads\/2021\/11\/misterios-4.jpg 1000w, https:\/\/festivalpoesiabsas.com.ar\/festivales-anteriores\/wp-content\/uploads\/2021\/11\/misterios-4-300x148.jpg 300w, https:\/\/festivalpoesiabsas.com.ar\/festivales-anteriores\/wp-content\/uploads\/2021\/11\/misterios-4-768x379.jpg 768w\" sizes=\"(max-width: 1000px) 100vw, 1000px\" \/>[\/vc_column_text][vc_empty_space][\/vc_column][\/vc_row][vc_row][vc_column width=&#8221;2\/3&#8243;][vc_column_text]<\/p>\n<p class=\"p1\"><span class=\"s1\"><b>Participan:<\/b><\/span><\/p>\n<p class=\"p1\"><span class=\"s1\"><a href=\"https:\/\/festivalpoesiabsas.com.ar\/festivales-anteriores\/?team=veronica-merli\">Ver\u00f3nica Merli<\/a> (R\u00edo Negro), <a href=\"https:\/\/festivalpoesiabsas.com.ar\/festivales-anteriores\/?team=marvin-s-garcia-citalan\">Marvin S. Garc\u00eda Cital\u00e1n<\/a><span class=\"Apple-converted-space\">\u00a0<\/span>(Guatemala), <\/span><span style=\"font-weight: 400;\"><a href=\"https:\/\/festivalpoesiabsas.com.ar\/festivales-anteriores\/?team=silvina-lopez-medin\">Silvina L\u00f3pez Med\u00edn<\/a> (Argentina\/EEUU)\u00a0y <a href=\"https:\/\/festivalpoesiabsas.com.ar\/festivales-anteriores\/?team=yumiko-suzuki\">Yumiko Otomasu<\/a> (Jap\u00f3n)<\/span><\/p>\n<p class=\"p2\"><span class=\"s1\"><b>Presenta: <\/b>Leandro Bernal<\/span><\/p>\n<p>[\/vc_column_text][\/vc_column][vc_column width=&#8221;1\/3&#8243; css=&#8221;.vc_custom_1637100607725{background-color: #f2f2f2 !important;}&#8221;][vc_icon icon_fontawesome=&#8221;fas fa-rss&#8221; color=&#8221;juicy_pink&#8221; size=&#8221;lg&#8221;]<h1 class=\"sc_title sc_title_regular margin_top_null margin_bottom_tiny\"><strong><span style=\"font-size: 18pt;\">Seguilo online<\/span><\/strong><\/h1><a href=\"https:\/\/www.youtube.com\/watch?v=DUXYsHHw27k\" target=\"blank\" class=\"sc_button sc_button_square sc_button_style_filled sc_button_size_medium\" style=\"color:#ffffff;\">Ingresar<\/a>[vc_empty_space][\/vc_column][\/vc_row]<\/p>\n<\/div><!-- AddThis Advanced Settings generic via filter on the_content --><!-- AddThis Share Buttons generic via filter on the_content -->","protected":false},"excerpt":{"rendered":"<p>[vc_row][vc_column][vc_column_text][\/vc_column_text][vc_empty_space][\/vc_column][\/vc_row][vc_row][vc_column width=&#8221;2\/3&#8243;][vc_column_text] Participan: Ver\u00f3nica Merli (R\u00edo Negro), Marvin S. Garc\u00eda Cital\u00e1n\u00a0(Guatemala), Silvina L\u00f3pez Med\u00edn (Argentina\/EEUU)\u00a0y Yumiko Otomasu (Jap\u00f3n) Presenta: Leandro Bernal [\/vc_column_text][\/vc_column][vc_column width=&#8221;1\/3&#8243; css=&#8221;.vc_custom_1637100607725{background-color: #f2f2f2 !important;}&#8221;][vc_icon icon_fontawesome=&#8221;fas fa-rss&#8221; color=&#8221;juicy_pink&#8221; size=&#8221;lg&#8221;][vc_empty_space][\/vc_column][\/vc_row]<!-- AddThis Advanced Settings generic via filter on get_the_excerpt --><!-- AddThis Share Buttons generic via filter on get_the_excerpt --><\/p>\n","protected":false},"author":249,"featured_media":9323,"comment_status":"closed","ping_status":"closed","template":"","meta":{"_tribe_events_status":"","_tribe_events_status_reason":""},"tags":[],"tribe_events_cat":[99,101],"_links":{"self":[{"href":"https:\/\/festivalpoesiabsas.com.ar\/festivales-anteriores\/index.php?rest_route=\/wp\/v2\/tribe_events\/9145"}],"collection":[{"href":"https:\/\/festivalpoesiabsas.com.ar\/festivales-anteriores\/index.php?rest_route=\/wp\/v2\/tribe_events"}],"about":[{"href":"https:\/\/festivalpoesiabsas.com.ar\/festivales-anteriores\/index.php?rest_route=\/wp\/v2\/types\/tribe_events"}],"author":[{"embeddable":true,"href":"https:\/\/festivalpoesiabsas.com.ar\/festivales-anteriores\/index.php?rest_route=\/wp\/v2\/users\/249"}],"replies":[{"embeddable":true,"href":"https:\/\/festivalpoesiabsas.com.ar\/festivales-anteriores\/index.php?rest_route=%2Fwp%2Fv2%2Fcomments&post=9145"}],"version-history":[{"count":7,"href":"https:\/\/festivalpoesiabsas.com.ar\/festivales-anteriores\/index.php?rest_route=\/wp\/v2\/tribe_events\/9145\/revisions"}],"predecessor-version":[{"id":9429,"href":"https:\/\/festivalpoesiabsas.com.ar\/festivales-anteriores\/index.php?rest_route=\/wp\/v2\/tribe_events\/9145\/revisions\/9429"}],"wp:featuredmedia":[{"embeddable":true,"href":"https:\/\/festivalpoesiabsas.com.ar\/festivales-anteriores\/index.php?rest_route=\/wp\/v2\/media\/9323"}],"wp:attachment":[{"href":"https:\/\/festivalpoesiabsas.com.ar\/festivales-anteriores\/index.php?rest_route=%2Fwp%2Fv2%2Fmedia&parent=9145"}],"wp:term":[{"taxonomy":"post_tag","embeddable":true,"href":"https:\/\/festivalpoesiabsas.com.ar\/festivales-anteriores\/index.php?rest_route=%2Fwp%2Fv2%2Ftags&post=9145"},{"taxonomy":"tribe_events_cat","embeddable":true,"href":"https:\/\/festivalpoesiabsas.com.ar\/festivales-anteriores\/index.php?rest_route=%2Fwp%2Fv2%2Ftribe_events_cat&post=9145"}],"curies":[{"name":"wp","href":"https:\/\/api.w.org\/{rel}","templated":true}]}}