{"id":9141,"date":"2021-11-01T20:02:50","date_gmt":"2021-11-01T23:02:50","guid":{"rendered":"https:\/\/festivalpoesiabsas.com.ar\/festivales-anteriores\/?post_type=tribe_events&#038;p=9141"},"modified":"2021-11-16T19:15:21","modified_gmt":"2021-11-16T22:15:21","slug":"la-poesia-resiste","status":"publish","type":"tribe_events","link":"https:\/\/festivalpoesiabsas.com.ar\/festivales-anteriores\/?tribe_events=la-poesia-resiste","title":{"rendered":"La poes\u00eda resiste"},"content":{"rendered":"<div class=\"wpb-content-wrapper\"><p>[vc_row][vc_column][vc_column_text]<img loading=\"lazy\" decoding=\"async\" class=\"alignnone size-full wp-image-9282\" src=\"https:\/\/festivalpoesiabsas.com.ar\/festivales-anteriores\/wp-content\/uploads\/2021\/11\/resiste.jpg\" alt=\"\" width=\"1000\" height=\"493\" srcset=\"https:\/\/festivalpoesiabsas.com.ar\/festivales-anteriores\/wp-content\/uploads\/2021\/11\/resiste.jpg 1000w, https:\/\/festivalpoesiabsas.com.ar\/festivales-anteriores\/wp-content\/uploads\/2021\/11\/resiste-300x148.jpg 300w, https:\/\/festivalpoesiabsas.com.ar\/festivales-anteriores\/wp-content\/uploads\/2021\/11\/resiste-768x379.jpg 768w\" sizes=\"(max-width: 1000px) 100vw, 1000px\" \/>[\/vc_column_text][vc_empty_space][\/vc_column][\/vc_row][vc_row][vc_column width=&#8221;2\/3&#8243;][vc_column_text]<\/p>\n<p class=\"p2\"><span class=\"s1\"><b>Participan: <\/b><\/span><\/p>\n<p class=\"p3\"><span class=\"s1\"><a href=\"https:\/\/festivalpoesiabsas.com.ar\/festivales-anteriores\/?team=diane-regimbald\">Diane R\u00e9gimbald<\/a> (Qu\u00e9bec, Canad\u00e1),\u00a0<a href=\"https:\/\/festivalpoesiabsas.com.ar\/festivales-anteriores\/?team=ming-di\">Ming Di<\/a>\u00a0(China) <\/span><\/p>\n<p class=\"p4\"><span class=\"s1\"><a href=\"https:\/\/festivalpoesiabsas.com.ar\/festivales-anteriores\/?team=juan-bautista\">Juan Ramazzotti<\/a> (Tucum\u00e1n), <a href=\"https:\/\/festivalpoesiabsas.com.ar\/festivales-anteriores\/?team=fernando-herrera-gomez\">Fernando Herrera G\u00f3mez<\/a> (Colombia) y <a href=\"https:\/\/festivalpoesiabsas.com.ar\/festivales-anteriores\/?team=alvaro-ojeda-betancor\">\u00c1lvaro Ojeda Betancor<\/a> (Uruguay) <\/span><\/p>\n<p class=\"p3\"><span class=\"s1\"><b>Presenta: <span style=\"font-weight: 400;\">Mirta Hortas<\/span><\/b><\/span><\/p>\n<p>[\/vc_column_text][\/vc_column][vc_column width=&#8221;1\/3&#8243; css=&#8221;.vc_custom_1637100563271{background-color: #f2f2f2 !important;}&#8221;][vc_icon icon_fontawesome=&#8221;fas fa-rss&#8221; color=&#8221;juicy_pink&#8221; size=&#8221;lg&#8221;]<h1 class=\"sc_title sc_title_regular margin_top_null margin_bottom_tiny\"><strong><span style=\"font-size: 18pt;\">Seguilo online<\/span><\/strong><\/h1><a href=\"https:\/\/www.youtube.com\/watch?v=DUXYsHHw27k\" target=\"blank\" class=\"sc_button sc_button_square sc_button_style_filled sc_button_size_medium\" style=\"color:#ffffff;\">Ingresar<\/a>[vc_empty_space][\/vc_column][\/vc_row]<\/p>\n<\/div><!-- AddThis Advanced Settings generic via filter on the_content --><!-- AddThis Share Buttons generic via filter on the_content -->","protected":false},"excerpt":{"rendered":"<p>[vc_row][vc_column][vc_column_text][\/vc_column_text][vc_empty_space][\/vc_column][\/vc_row][vc_row][vc_column width=&#8221;2\/3&#8243;][vc_column_text] Participan: Diane R\u00e9gimbald (Qu\u00e9bec, Canad\u00e1),\u00a0Ming Di\u00a0(China) Juan Ramazzotti (Tucum\u00e1n), Fernando Herrera G\u00f3mez (Colombia) y \u00c1lvaro Ojeda Betancor (Uruguay) Presenta: Mirta Hortas [\/vc_column_text][\/vc_column][vc_column width=&#8221;1\/3&#8243; css=&#8221;.vc_custom_1637100563271{background-color: #f2f2f2 !important;}&#8221;][vc_icon icon_fontawesome=&#8221;fas fa-rss&#8221; [&hellip;]<!-- AddThis Advanced Settings generic via filter on get_the_excerpt --><!-- AddThis Share Buttons generic via filter on get_the_excerpt --><\/p>\n","protected":false},"author":249,"featured_media":9282,"comment_status":"closed","ping_status":"closed","template":"","meta":{"_tribe_events_status":"","_tribe_events_status_reason":""},"tags":[],"tribe_events_cat":[99,101],"_links":{"self":[{"href":"https:\/\/festivalpoesiabsas.com.ar\/festivales-anteriores\/index.php?rest_route=\/wp\/v2\/tribe_events\/9141"}],"collection":[{"href":"https:\/\/festivalpoesiabsas.com.ar\/festivales-anteriores\/index.php?rest_route=\/wp\/v2\/tribe_events"}],"about":[{"href":"https:\/\/festivalpoesiabsas.com.ar\/festivales-anteriores\/index.php?rest_route=\/wp\/v2\/types\/tribe_events"}],"author":[{"embeddable":true,"href":"https:\/\/festivalpoesiabsas.com.ar\/festivales-anteriores\/index.php?rest_route=\/wp\/v2\/users\/249"}],"replies":[{"embeddable":true,"href":"https:\/\/festivalpoesiabsas.com.ar\/festivales-anteriores\/index.php?rest_route=%2Fwp%2Fv2%2Fcomments&post=9141"}],"version-history":[{"count":10,"href":"https:\/\/festivalpoesiabsas.com.ar\/festivales-anteriores\/index.php?rest_route=\/wp\/v2\/tribe_events\/9141\/revisions"}],"predecessor-version":[{"id":9431,"href":"https:\/\/festivalpoesiabsas.com.ar\/festivales-anteriores\/index.php?rest_route=\/wp\/v2\/tribe_events\/9141\/revisions\/9431"}],"wp:featuredmedia":[{"embeddable":true,"href":"https:\/\/festivalpoesiabsas.com.ar\/festivales-anteriores\/index.php?rest_route=\/wp\/v2\/media\/9282"}],"wp:attachment":[{"href":"https:\/\/festivalpoesiabsas.com.ar\/festivales-anteriores\/index.php?rest_route=%2Fwp%2Fv2%2Fmedia&parent=9141"}],"wp:term":[{"taxonomy":"post_tag","embeddable":true,"href":"https:\/\/festivalpoesiabsas.com.ar\/festivales-anteriores\/index.php?rest_route=%2Fwp%2Fv2%2Ftags&post=9141"},{"taxonomy":"tribe_events_cat","embeddable":true,"href":"https:\/\/festivalpoesiabsas.com.ar\/festivales-anteriores\/index.php?rest_route=%2Fwp%2Fv2%2Ftribe_events_cat&post=9141"}],"curies":[{"name":"wp","href":"https:\/\/api.w.org\/{rel}","templated":true}]}}