{"id":6555,"date":"2018-05-15T12:13:20","date_gmt":"2018-05-15T15:13:20","guid":{"rendered":"https:\/\/festivalpoesiabsas.com.ar\/festivales-anteriores\/?post_type=tribe_events&#038;p=6555"},"modified":"2018-05-22T14:19:32","modified_gmt":"2018-05-22T17:19:32","slug":"inauguracion","status":"publish","type":"tribe_events","link":"https:\/\/festivalpoesiabsas.com.ar\/festivales-anteriores\/?tribe_events=inauguracion","title":{"rendered":"Inauguraci\u00f3n"},"content":{"rendered":"<p>&nbsp;<\/p>\n<p><img loading=\"lazy\" decoding=\"async\" class=\"alignnone wp-image-6639 size-full\" src=\"https:\/\/festivalpoesiabsas.com.ar\/festivales-anteriores\/wp-content\/uploads\/2018\/05\/evento01.jpg\" alt=\"\" width=\"1000\" height=\"493\" srcset=\"https:\/\/festivalpoesiabsas.com.ar\/festivales-anteriores\/wp-content\/uploads\/2018\/05\/evento01.jpg 1000w, https:\/\/festivalpoesiabsas.com.ar\/festivales-anteriores\/wp-content\/uploads\/2018\/05\/evento01-300x148.jpg 300w, https:\/\/festivalpoesiabsas.com.ar\/festivales-anteriores\/wp-content\/uploads\/2018\/05\/evento01-768x379.jpg 768w\" sizes=\"(max-width: 1000px) 100vw, 1000px\" \/><\/p>\n<p>&nbsp;<\/p>\n<p>Palabras de bienvenida a cargo<span class=\"Apple-converted-space\">\u00a0 <\/span>de Gustavo Mozzi, Director del CCK, Graciela Ar\u00e1oz, Directora del FIP y Presidenta de la Sociedad de Escritoras y Escritores de la Argentina, y Hern\u00e1n Lombardi, Ministro del Sistema Federal de Medios y Contenidos P\u00fablicos.<\/p>\n<p>&nbsp;<\/p>\n<p><span style=\"color: #485860;\"><strong>Informes:<\/strong><\/span><\/p>\n<p><span style=\"color: #485860;\"><strong>SEA-Sociedad de Escritoras y escritores de la Argentina<\/strong><\/span><\/p>\n<p><a href=\"mailto:administracion@lasea.org.ar\">administracion@lasea.org.ar<\/a><\/p>\n<p><span style=\"color: #485860;\">Tel. 4864 8101<\/span><br \/>\n<span style=\"color: #485860;\"><em>De lunes a viernes de 15 a 19 hs.<\/em><\/span><\/p>\n<!-- AddThis Advanced Settings generic via filter on the_content --><!-- AddThis Share Buttons generic via filter on the_content -->","protected":false},"excerpt":{"rendered":"<p>&nbsp; &nbsp; Palabras de bienvenida a cargo\u00a0 de Gustavo Mozzi, Director del CCK, Graciela Ar\u00e1oz, Directora del FIP y Presidenta de la Sociedad de Escritoras y Escritores de la Argentina, [&hellip;]<!-- AddThis Advanced Settings generic via filter on get_the_excerpt --><!-- AddThis Share Buttons generic via filter on get_the_excerpt --><\/p>\n","protected":false},"author":1,"featured_media":6639,"comment_status":"closed","ping_status":"closed","template":"","meta":{"_tribe_events_status":"","_tribe_events_status_reason":""},"tags":[],"tribe_events_cat":[62,63],"_links":{"self":[{"href":"https:\/\/festivalpoesiabsas.com.ar\/festivales-anteriores\/index.php?rest_route=\/wp\/v2\/tribe_events\/6555"}],"collection":[{"href":"https:\/\/festivalpoesiabsas.com.ar\/festivales-anteriores\/index.php?rest_route=\/wp\/v2\/tribe_events"}],"about":[{"href":"https:\/\/festivalpoesiabsas.com.ar\/festivales-anteriores\/index.php?rest_route=\/wp\/v2\/types\/tribe_events"}],"author":[{"embeddable":true,"href":"https:\/\/festivalpoesiabsas.com.ar\/festivales-anteriores\/index.php?rest_route=\/wp\/v2\/users\/1"}],"replies":[{"embeddable":true,"href":"https:\/\/festivalpoesiabsas.com.ar\/festivales-anteriores\/index.php?rest_route=%2Fwp%2Fv2%2Fcomments&post=6555"}],"version-history":[{"count":6,"href":"https:\/\/festivalpoesiabsas.com.ar\/festivales-anteriores\/index.php?rest_route=\/wp\/v2\/tribe_events\/6555\/revisions"}],"predecessor-version":[{"id":6845,"href":"https:\/\/festivalpoesiabsas.com.ar\/festivales-anteriores\/index.php?rest_route=\/wp\/v2\/tribe_events\/6555\/revisions\/6845"}],"wp:featuredmedia":[{"embeddable":true,"href":"https:\/\/festivalpoesiabsas.com.ar\/festivales-anteriores\/index.php?rest_route=\/wp\/v2\/media\/6639"}],"wp:attachment":[{"href":"https:\/\/festivalpoesiabsas.com.ar\/festivales-anteriores\/index.php?rest_route=%2Fwp%2Fv2%2Fmedia&parent=6555"}],"wp:term":[{"taxonomy":"post_tag","embeddable":true,"href":"https:\/\/festivalpoesiabsas.com.ar\/festivales-anteriores\/index.php?rest_route=%2Fwp%2Fv2%2Ftags&post=6555"},{"taxonomy":"tribe_events_cat","embeddable":true,"href":"https:\/\/festivalpoesiabsas.com.ar\/festivales-anteriores\/index.php?rest_route=%2Fwp%2Fv2%2Ftribe_events_cat&post=6555"}],"curies":[{"name":"wp","href":"https:\/\/api.w.org\/{rel}","templated":true}]}}