{"id":8694,"date":"2021-09-20T22:16:51","date_gmt":"2021-09-21T01:16:51","guid":{"rendered":"https:\/\/festivalpoesiabsas.com.ar\/festivales-anteriores\/?page_id=8694"},"modified":"2021-11-19T11:33:20","modified_gmt":"2021-11-19T14:33:20","slug":"participantes-2021","status":"publish","type":"page","link":"https:\/\/festivalpoesiabsas.com.ar\/festivales-anteriores\/?page_id=8694","title":{"rendered":"Participantes 2021"},"content":{"rendered":"<div class=\"wpb-content-wrapper\"><p>[vc_row full_width=&#8221;stretch_row_content_no_spaces&#8221; inverse=&#8221;&#8221;][vc_column][vc_single_image image=&#8221;9471&#8243; img_size=&#8221;full&#8221; alignment=&#8221;center&#8221;][\/vc_column][\/vc_row][vc_row full_width=&#8221;stretch_row_content&#8221; scheme=&#8221;original&#8221; inverse=&#8221;&#8221; css=&#8221;.vc_custom_1632192501309{padding-top: 0px !important;background-color: #5ad8f4 !important;}&#8221;][vc_column]<div id=\"sc_team_1252319076_wrap\" class=\"sc_team_wrap scheme_original\"><div id=\"sc_team_1252319076\" class=\"sc_team sc_team_style_team-3  margin_top_null margin_bottom_small\" style=\"width:100%;\"><h2 class=\"sc_team_title sc_item_title\">Poetas<\/h2><div class=\"sc_columns columns_wrap\"><div class=\"column-1_4 column_padding_bottom\">\t\t\t<div id=\"sc_team_1252319076_1\"\t\t\t\tclass=\"sc_team_item sc_team_item_1 odd first\"\n\t\t\t\t>\n\t\t\t\t<div class=\"sc_team_item_avatar\"><img loading=\"lazy\" decoding=\"async\" class=\"wp-post-image\" width=\"370\" height=\"370\" alt=\"Cristian Aliaga\" src=\"https:\/\/festivalpoesiabsas.com.ar\/festivales-anteriores\/wp-content\/uploads\/2021\/10\/ALIAGA-LEEDS-2-1-370x370.jpg\">\t\t\t\t\t<div class=\"sc_team_item_hover\">\n\t\t\t\t\t\t<div class=\"sc_team_item_socials\"><\/div>\n\t\t\t\t\t<\/div>\n\t\t\t\t<\/div>\n\t\t\t\t<div class=\"sc_team_item_info\">\n                    \t\t\t\t\t<h5 class=\"sc_team_item_title\"><a href=\"https:\/\/festivalpoesiabsas.com.ar\/festivales-anteriores\/?team=cristian-aliaga\">Cristian Aliaga<\/a><\/h5>\n\t\t\t\t\t<div class=\"sc_team_item_position\">Buenos Aires \/ Chubut, Argentina<\/div>\n\t\t\t\t<\/div>\n\t\t\t<\/div>\n\t\t<\/div><div class=\"column-1_4 column_padding_bottom\">\t\t\t<div id=\"sc_team_1252319076_2\"\t\t\t\tclass=\"sc_team_item sc_team_item_2 even\"\n\t\t\t\t>\n\t\t\t\t<div class=\"sc_team_item_avatar\"><img loading=\"lazy\" decoding=\"async\" class=\"wp-post-image\" width=\"370\" height=\"370\" alt=\"\u00c1ngela \u00c1lvarez S\u00e1ez\" src=\"https:\/\/festivalpoesiabsas.com.ar\/festivales-anteriores\/wp-content\/uploads\/2021\/10\/Angela-Alvarez-Saez-370x370.jpg\">\t\t\t\t\t<div class=\"sc_team_item_hover\">\n\t\t\t\t\t\t<div class=\"sc_team_item_socials\"><\/div>\n\t\t\t\t\t<\/div>\n\t\t\t\t<\/div>\n\t\t\t\t<div class=\"sc_team_item_info\">\n                    \t\t\t\t\t<h5 class=\"sc_team_item_title\"><a href=\"https:\/\/festivalpoesiabsas.com.ar\/festivales-anteriores\/?team=angela-alvarez-saez\">\u00c1ngela \u00c1lvarez S\u00e1ez<\/a><\/h5>\n\t\t\t\t\t<div class=\"sc_team_item_position\">Espa\u00f1a<\/div>\n\t\t\t\t<\/div>\n\t\t\t<\/div>\n\t\t<\/div><div class=\"column-1_4 column_padding_bottom\">\t\t\t<div id=\"sc_team_1252319076_3\"\t\t\t\tclass=\"sc_team_item sc_team_item_3 odd\"\n\t\t\t\t>\n\t\t\t\t<div class=\"sc_team_item_avatar\"><img loading=\"lazy\" decoding=\"async\" class=\"wp-post-image\" width=\"370\" height=\"370\" alt=\"Elena Ann\u00edbali\" src=\"https:\/\/festivalpoesiabsas.com.ar\/festivales-anteriores\/wp-content\/uploads\/2021\/09\/Poeta-ElenaAnni\u0301bali-370x370.jpg\">\t\t\t\t\t<div class=\"sc_team_item_hover\">\n\t\t\t\t\t\t<div class=\"sc_team_item_socials\"><\/div>\n\t\t\t\t\t<\/div>\n\t\t\t\t<\/div>\n\t\t\t\t<div class=\"sc_team_item_info\">\n                    \t\t\t\t\t<h5 class=\"sc_team_item_title\"><a href=\"https:\/\/festivalpoesiabsas.com.ar\/festivales-anteriores\/?team=elena-annibali\">Elena Ann\u00edbali<\/a><\/h5>\n\t\t\t\t\t<div class=\"sc_team_item_position\">C\u00f3rdoba, Argentina<\/div>\n\t\t\t\t<\/div>\n\t\t\t<\/div>\n\t\t<\/div><div class=\"column-1_4 column_padding_bottom\">\t\t\t<div id=\"sc_team_1252319076_4\"\t\t\t\tclass=\"sc_team_item sc_team_item_4 even\"\n\t\t\t\t>\n\t\t\t\t<div class=\"sc_team_item_avatar\"><img loading=\"lazy\" decoding=\"async\" class=\"wp-post-image\" width=\"370\" height=\"370\" alt=\"Ver\u00f3nica Aranda\" src=\"https:\/\/festivalpoesiabsas.com.ar\/festivales-anteriores\/wp-content\/uploads\/2021\/09\/poeta_Vero\u0301nica-Aranda-Foto-Gala-2-370x370.jpg\">\t\t\t\t\t<div class=\"sc_team_item_hover\">\n\t\t\t\t\t\t<div class=\"sc_team_item_socials\"><\/div>\n\t\t\t\t\t<\/div>\n\t\t\t\t<\/div>\n\t\t\t\t<div class=\"sc_team_item_info\">\n                    \t\t\t\t\t<h5 class=\"sc_team_item_title\"><a href=\"https:\/\/festivalpoesiabsas.com.ar\/festivales-anteriores\/?team=veronica-aranda\">Ver\u00f3nica Aranda<\/a><\/h5>\n\t\t\t\t\t<div class=\"sc_team_item_position\">Espa\u00f1a<\/div>\n\t\t\t\t<\/div>\n\t\t\t<\/div>\n\t\t<\/div><div class=\"column-1_4 column_padding_bottom\">\t\t\t<div id=\"sc_team_1252319076_5\"\t\t\t\tclass=\"sc_team_item sc_team_item_5 odd\"\n\t\t\t\t>\n\t\t\t\t<div class=\"sc_team_item_avatar\"><img loading=\"lazy\" decoding=\"async\" class=\"wp-post-image\" width=\"370\" height=\"370\" alt=\"Ciela Asad\" src=\"https:\/\/festivalpoesiabsas.com.ar\/festivales-anteriores\/wp-content\/uploads\/2021\/10\/poeta-Ciela-Asad-370x370.jpeg\">\t\t\t\t\t<div class=\"sc_team_item_hover\">\n\t\t\t\t\t\t<div class=\"sc_team_item_socials\"><\/div>\n\t\t\t\t\t<\/div>\n\t\t\t\t<\/div>\n\t\t\t\t<div class=\"sc_team_item_info\">\n                    \t\t\t\t\t<h5 class=\"sc_team_item_title\"><a href=\"https:\/\/festivalpoesiabsas.com.ar\/festivales-anteriores\/?team=ciela-asad\">Ciela Asad<\/a><\/h5>\n\t\t\t\t\t<div class=\"sc_team_item_position\">Buenos Aires, Argentina<\/div>\n\t\t\t\t<\/div>\n\t\t\t<\/div>\n\t\t<\/div><div class=\"column-1_4 column_padding_bottom\">\t\t\t<div id=\"sc_team_1252319076_6\"\t\t\t\tclass=\"sc_team_item sc_team_item_6 even\"\n\t\t\t\t>\n\t\t\t\t<div class=\"sc_team_item_avatar\"><img loading=\"lazy\" decoding=\"async\" class=\"wp-post-image\" width=\"370\" height=\"370\" alt=\"Alejandro Ber\u00f3n\" src=\"https:\/\/festivalpoesiabsas.com.ar\/festivales-anteriores\/wp-content\/uploads\/2021\/09\/Poeta-Alejandro-Bero\u0301n-foto-Sofi\u0301a-Martinsen-370x370.jpg\">\t\t\t\t\t<div class=\"sc_team_item_hover\">\n\t\t\t\t\t\t<div class=\"sc_team_item_socials\"><\/div>\n\t\t\t\t\t<\/div>\n\t\t\t\t<\/div>\n\t\t\t\t<div class=\"sc_team_item_info\">\n                    \t\t\t\t\t<h5 class=\"sc_team_item_title\"><a href=\"https:\/\/festivalpoesiabsas.com.ar\/festivales-anteriores\/?team=alejandro-beron\">Alejandro Ber\u00f3n<\/a><\/h5>\n\t\t\t\t\t<div class=\"sc_team_item_position\">CABA, Argentina<\/div>\n\t\t\t\t<\/div>\n\t\t\t<\/div>\n\t\t<\/div><div class=\"column-1_4 column_padding_bottom\">\t\t\t<div id=\"sc_team_1252319076_7\"\t\t\t\tclass=\"sc_team_item sc_team_item_7 odd\"\n\t\t\t\t>\n\t\t\t\t<div class=\"sc_team_item_avatar\"><img loading=\"lazy\" decoding=\"async\" class=\"wp-post-image\" width=\"370\" height=\"370\" alt=\"Dome Bulfaro\" src=\"https:\/\/festivalpoesiabsas.com.ar\/festivales-anteriores\/wp-content\/uploads\/2021\/09\/Poeta-Dome-Bulfaro_Foto-Dino-Ignani-370x370.jpg\">\t\t\t\t\t<div class=\"sc_team_item_hover\">\n\t\t\t\t\t\t<div class=\"sc_team_item_socials\"><\/div>\n\t\t\t\t\t<\/div>\n\t\t\t\t<\/div>\n\t\t\t\t<div class=\"sc_team_item_info\">\n                    \t\t\t\t\t<h5 class=\"sc_team_item_title\"><a href=\"https:\/\/festivalpoesiabsas.com.ar\/festivales-anteriores\/?team=dome-bulfaro\">Dome Bulfaro<\/a><\/h5>\n\t\t\t\t\t<div class=\"sc_team_item_position\">Italia<\/div>\n\t\t\t\t<\/div>\n\t\t\t<\/div>\n\t\t<\/div><div class=\"column-1_4 column_padding_bottom\">\t\t\t<div id=\"sc_team_1252319076_8\"\t\t\t\tclass=\"sc_team_item sc_team_item_8 even\"\n\t\t\t\t>\n\t\t\t\t<div class=\"sc_team_item_avatar\"><img loading=\"lazy\" decoding=\"async\" class=\"wp-post-image\" width=\"370\" height=\"370\" alt=\"Juliana Calvo\" src=\"https:\/\/festivalpoesiabsas.com.ar\/festivales-anteriores\/wp-content\/uploads\/2021\/09\/Poeta-Juliana-Calvo-370x370.jpg\">\t\t\t\t\t<div class=\"sc_team_item_hover\">\n\t\t\t\t\t\t<div class=\"sc_team_item_socials\"><\/div>\n\t\t\t\t\t<\/div>\n\t\t\t\t<\/div>\n\t\t\t\t<div class=\"sc_team_item_info\">\n                    \t\t\t\t\t<h5 class=\"sc_team_item_title\"><a href=\"https:\/\/festivalpoesiabsas.com.ar\/festivales-anteriores\/?team=juliana-calvo\">Juliana Calvo<\/a><\/h5>\n\t\t\t\t\t<div class=\"sc_team_item_position\">CABA, Argentina<\/div>\n\t\t\t\t<\/div>\n\t\t\t<\/div>\n\t\t<\/div><div class=\"column-1_4 column_padding_bottom\">\t\t\t<div id=\"sc_team_1252319076_9\"\t\t\t\tclass=\"sc_team_item sc_team_item_9 odd\"\n\t\t\t\t>\n\t\t\t\t<div class=\"sc_team_item_avatar\"><img loading=\"lazy\" decoding=\"async\" class=\"wp-post-image\" width=\"370\" height=\"370\" alt=\"Andrea Crespo Granda\" src=\"https:\/\/festivalpoesiabsas.com.ar\/festivales-anteriores\/wp-content\/uploads\/2021\/09\/Andreacrespogranda-370x370.jpg\">\t\t\t\t\t<div class=\"sc_team_item_hover\">\n\t\t\t\t\t\t<div class=\"sc_team_item_socials\"><\/div>\n\t\t\t\t\t<\/div>\n\t\t\t\t<\/div>\n\t\t\t\t<div class=\"sc_team_item_info\">\n                    \t\t\t\t\t<h5 class=\"sc_team_item_title\"><a href=\"https:\/\/festivalpoesiabsas.com.ar\/festivales-anteriores\/?team=andrea-crespo-granda\">Andrea Crespo Granda<\/a><\/h5>\n\t\t\t\t\t<div class=\"sc_team_item_position\">Ecuador<\/div>\n\t\t\t\t<\/div>\n\t\t\t<\/div>\n\t\t<\/div><div class=\"column-1_4 column_padding_bottom\">\t\t\t<div id=\"sc_team_1252319076_10\"\t\t\t\tclass=\"sc_team_item sc_team_item_10 even\"\n\t\t\t\t>\n\t\t\t\t<div class=\"sc_team_item_avatar\"><img loading=\"lazy\" decoding=\"async\" class=\"wp-post-image\" width=\"370\" height=\"370\" alt=\"Ming Di\" src=\"https:\/\/festivalpoesiabsas.com.ar\/festivales-anteriores\/wp-content\/uploads\/2021\/09\/Poeta-Ming-Di-in-Shanghai-370x370.jpg\">\t\t\t\t\t<div class=\"sc_team_item_hover\">\n\t\t\t\t\t\t<div class=\"sc_team_item_socials\"><\/div>\n\t\t\t\t\t<\/div>\n\t\t\t\t<\/div>\n\t\t\t\t<div class=\"sc_team_item_info\">\n                    \t\t\t\t\t<h5 class=\"sc_team_item_title\"><a href=\"https:\/\/festivalpoesiabsas.com.ar\/festivales-anteriores\/?team=ming-di\">Ming Di<\/a><\/h5>\n\t\t\t\t\t<div class=\"sc_team_item_position\">China \/ EEUU<\/div>\n\t\t\t\t<\/div>\n\t\t\t<\/div>\n\t\t<\/div><div class=\"column-1_4 column_padding_bottom\">\t\t\t<div id=\"sc_team_1252319076_11\"\t\t\t\tclass=\"sc_team_item sc_team_item_11 odd\"\n\t\t\t\t>\n\t\t\t\t<div class=\"sc_team_item_avatar\"><img loading=\"lazy\" decoding=\"async\" class=\"wp-post-image\" width=\"370\" height=\"370\" alt=\"Abdullah Eisa\" src=\"https:\/\/festivalpoesiabsas.com.ar\/festivales-anteriores\/wp-content\/uploads\/2021\/10\/Abdula-Issa-370x370.jpg\">\t\t\t\t\t<div class=\"sc_team_item_hover\">\n\t\t\t\t\t\t<div class=\"sc_team_item_socials\"><\/div>\n\t\t\t\t\t<\/div>\n\t\t\t\t<\/div>\n\t\t\t\t<div class=\"sc_team_item_info\">\n                    \t\t\t\t\t<h5 class=\"sc_team_item_title\"><a href=\"https:\/\/festivalpoesiabsas.com.ar\/festivales-anteriores\/?team=abdullah-eisa\">Abdullah Eisa<\/a><\/h5>\n\t\t\t\t\t<div class=\"sc_team_item_position\">Palestina \/ Rusia<\/div>\n\t\t\t\t<\/div>\n\t\t\t<\/div>\n\t\t<\/div><div class=\"column-1_4 column_padding_bottom\">\t\t\t<div id=\"sc_team_1252319076_12\"\t\t\t\tclass=\"sc_team_item sc_team_item_12 even\"\n\t\t\t\t>\n\t\t\t\t<div class=\"sc_team_item_avatar\"><img loading=\"lazy\" decoding=\"async\" class=\"wp-post-image\" width=\"370\" height=\"370\" alt=\"Heike Fiedler\" src=\"https:\/\/festivalpoesiabsas.com.ar\/festivales-anteriores\/wp-content\/uploads\/2021\/09\/Poeta-Heike-Fiedler_Foto-Luisfo-\u226029FIPM-Parque-de-los-Deseos-370x370.jpg\">\t\t\t\t\t<div class=\"sc_team_item_hover\">\n\t\t\t\t\t\t<div class=\"sc_team_item_socials\"><\/div>\n\t\t\t\t\t<\/div>\n\t\t\t\t<\/div>\n\t\t\t\t<div class=\"sc_team_item_info\">\n                    \t\t\t\t\t<h5 class=\"sc_team_item_title\"><a href=\"https:\/\/festivalpoesiabsas.com.ar\/festivales-anteriores\/?team=heike-fiedler\">Heike Fiedler<\/a><\/h5>\n\t\t\t\t\t<div class=\"sc_team_item_position\">Suiza<\/div>\n\t\t\t\t<\/div>\n\t\t\t<\/div>\n\t\t<\/div><div class=\"column-1_4 column_padding_bottom\">\t\t\t<div id=\"sc_team_1252319076_13\"\t\t\t\tclass=\"sc_team_item sc_team_item_13 odd\"\n\t\t\t\t>\n\t\t\t\t<div class=\"sc_team_item_avatar\"><img loading=\"lazy\" decoding=\"async\" class=\"wp-post-image\" width=\"370\" height=\"370\" alt=\"Luisa Futoransky\" src=\"https:\/\/festivalpoesiabsas.com.ar\/festivales-anteriores\/wp-content\/uploads\/2021\/09\/poeta-Luisa-Futoransky-370x370.jpg\">\t\t\t\t\t<div class=\"sc_team_item_hover\">\n\t\t\t\t\t\t<div class=\"sc_team_item_socials\"><\/div>\n\t\t\t\t\t<\/div>\n\t\t\t\t<\/div>\n\t\t\t\t<div class=\"sc_team_item_info\">\n                    \t\t\t\t\t<h5 class=\"sc_team_item_title\"><a href=\"https:\/\/festivalpoesiabsas.com.ar\/festivales-anteriores\/?team=luisa-futoransky\">Luisa Futoransky<\/a><\/h5>\n\t\t\t\t\t<div class=\"sc_team_item_position\">Argentina \/ Francia<\/div>\n\t\t\t\t<\/div>\n\t\t\t<\/div>\n\t\t<\/div><div class=\"column-1_4 column_padding_bottom\">\t\t\t<div id=\"sc_team_1252319076_14\"\t\t\t\tclass=\"sc_team_item sc_team_item_14 even\"\n\t\t\t\t>\n\t\t\t\t<div class=\"sc_team_item_avatar\"><img loading=\"lazy\" decoding=\"async\" class=\"wp-post-image\" width=\"370\" height=\"370\" alt=\"Marvin S. Garc\u00eda Cital\u00e1n\" src=\"https:\/\/festivalpoesiabsas.com.ar\/festivales-anteriores\/wp-content\/uploads\/2021\/10\/poeta-Marvin-S-Garci\u0301a-Citala\u0301n-370x370.jpg\">\t\t\t\t\t<div class=\"sc_team_item_hover\">\n\t\t\t\t\t\t<div class=\"sc_team_item_socials\"><\/div>\n\t\t\t\t\t<\/div>\n\t\t\t\t<\/div>\n\t\t\t\t<div class=\"sc_team_item_info\">\n                    \t\t\t\t\t<h5 class=\"sc_team_item_title\"><a href=\"https:\/\/festivalpoesiabsas.com.ar\/festivales-anteriores\/?team=marvin-s-garcia-citalan\">Marvin S. Garc\u00eda Cital\u00e1n<\/a><\/h5>\n\t\t\t\t\t<div class=\"sc_team_item_position\">Guatemala<\/div>\n\t\t\t\t<\/div>\n\t\t\t<\/div>\n\t\t<\/div><div class=\"column-1_4 column_padding_bottom\">\t\t\t<div id=\"sc_team_1252319076_15\"\t\t\t\tclass=\"sc_team_item sc_team_item_15 odd\"\n\t\t\t\t>\n\t\t\t\t<div class=\"sc_team_item_avatar\"><img loading=\"lazy\" decoding=\"async\" class=\"wp-post-image\" width=\"370\" height=\"370\" alt=\"Patricia Gonz\u00e1lez L\u00f3pez\" src=\"https:\/\/festivalpoesiabsas.com.ar\/festivales-anteriores\/wp-content\/uploads\/2021\/10\/poeta-PatriciaGonzalez-1-370x370.jpg\">\t\t\t\t\t<div class=\"sc_team_item_hover\">\n\t\t\t\t\t\t<div class=\"sc_team_item_socials\"><\/div>\n\t\t\t\t\t<\/div>\n\t\t\t\t<\/div>\n\t\t\t\t<div class=\"sc_team_item_info\">\n                    \t\t\t\t\t<h5 class=\"sc_team_item_title\"><a href=\"https:\/\/festivalpoesiabsas.com.ar\/festivales-anteriores\/?team=patricia-gonzalez-lopez\">Patricia Gonz\u00e1lez L\u00f3pez<\/a><\/h5>\n\t\t\t\t\t<div class=\"sc_team_item_position\">CABA, Argentina<\/div>\n\t\t\t\t<\/div>\n\t\t\t<\/div>\n\t\t<\/div><div class=\"column-1_4 column_padding_bottom\">\t\t\t<div id=\"sc_team_1252319076_16\"\t\t\t\tclass=\"sc_team_item sc_team_item_16 even\"\n\t\t\t\t>\n\t\t\t\t<div class=\"sc_team_item_avatar\"><img loading=\"lazy\" decoding=\"async\" class=\"wp-post-image\" width=\"370\" height=\"370\" alt=\"Hussein Habasch\" src=\"https:\/\/festivalpoesiabsas.com.ar\/festivales-anteriores\/wp-content\/uploads\/2021\/09\/Poeta-Hussein-Habasch-foto-Carlos-Aguasaco-370x370.jpg\">\t\t\t\t\t<div class=\"sc_team_item_hover\">\n\t\t\t\t\t\t<div class=\"sc_team_item_socials\"><\/div>\n\t\t\t\t\t<\/div>\n\t\t\t\t<\/div>\n\t\t\t\t<div class=\"sc_team_item_info\">\n                    \t\t\t\t\t<h5 class=\"sc_team_item_title\"><a href=\"https:\/\/festivalpoesiabsas.com.ar\/festivales-anteriores\/?team=hussein-habasch\">Hussein Habasch<\/a><\/h5>\n\t\t\t\t\t<div class=\"sc_team_item_position\">Kurdist\u00e1n \/ Alemania<\/div>\n\t\t\t\t<\/div>\n\t\t\t<\/div>\n\t\t<\/div><div class=\"column-1_4 column_padding_bottom\">\t\t\t<div id=\"sc_team_1252319076_17\"\t\t\t\tclass=\"sc_team_item sc_team_item_17 odd\"\n\t\t\t\t>\n\t\t\t\t<div class=\"sc_team_item_avatar\"><img loading=\"lazy\" decoding=\"async\" class=\"wp-post-image\" width=\"370\" height=\"370\" alt=\"Fernando Herrera G\u00f3mez\" src=\"https:\/\/festivalpoesiabsas.com.ar\/festivales-anteriores\/wp-content\/uploads\/2021\/09\/Poeta-FernandoHerrera-porRicardoGo\u0301mez-370x370.jpg\">\t\t\t\t\t<div class=\"sc_team_item_hover\">\n\t\t\t\t\t\t<div class=\"sc_team_item_socials\"><\/div>\n\t\t\t\t\t<\/div>\n\t\t\t\t<\/div>\n\t\t\t\t<div class=\"sc_team_item_info\">\n                    \t\t\t\t\t<h5 class=\"sc_team_item_title\"><a href=\"https:\/\/festivalpoesiabsas.com.ar\/festivales-anteriores\/?team=fernando-herrera-gomez\">Fernando Herrera G\u00f3mez<\/a><\/h5>\n\t\t\t\t\t<div class=\"sc_team_item_position\">Colombia<\/div>\n\t\t\t\t<\/div>\n\t\t\t<\/div>\n\t\t<\/div><div class=\"column-1_4 column_padding_bottom\">\t\t\t<div id=\"sc_team_1252319076_18\"\t\t\t\tclass=\"sc_team_item sc_team_item_18 even\"\n\t\t\t\t>\n\t\t\t\t<div class=\"sc_team_item_avatar\"><img loading=\"lazy\" decoding=\"async\" class=\"wp-post-image\" width=\"370\" height=\"370\" alt=\"Leif Holmstrand\" src=\"https:\/\/festivalpoesiabsas.com.ar\/festivales-anteriores\/wp-content\/uploads\/2021\/09\/Poeta-Leif_holmstrand_Autorretrato-370x370.jpg\">\t\t\t\t\t<div class=\"sc_team_item_hover\">\n\t\t\t\t\t\t<div class=\"sc_team_item_socials\"><\/div>\n\t\t\t\t\t<\/div>\n\t\t\t\t<\/div>\n\t\t\t\t<div class=\"sc_team_item_info\">\n                    \t\t\t\t\t<h5 class=\"sc_team_item_title\"><a href=\"https:\/\/festivalpoesiabsas.com.ar\/festivales-anteriores\/?team=leif-holmstrand\">Leif Holmstrand<\/a><\/h5>\n\t\t\t\t\t<div class=\"sc_team_item_position\">Suecia<\/div>\n\t\t\t\t<\/div>\n\t\t\t<\/div>\n\t\t<\/div><div class=\"column-1_4 column_padding_bottom\">\t\t\t<div id=\"sc_team_1252319076_19\"\t\t\t\tclass=\"sc_team_item sc_team_item_19 odd\"\n\t\t\t\t>\n\t\t\t\t<div class=\"sc_team_item_avatar\"><img loading=\"lazy\" decoding=\"async\" class=\"wp-post-image\" width=\"370\" height=\"370\" alt=\"Ruth Llana\" src=\"https:\/\/festivalpoesiabsas.com.ar\/festivales-anteriores\/wp-content\/uploads\/2021\/10\/Ruth-Llana-ph-Laura-Rosal-370x370.jpg\">\t\t\t\t\t<div class=\"sc_team_item_hover\">\n\t\t\t\t\t\t<div class=\"sc_team_item_socials\"><\/div>\n\t\t\t\t\t<\/div>\n\t\t\t\t<\/div>\n\t\t\t\t<div class=\"sc_team_item_info\">\n                    \t\t\t\t\t<h5 class=\"sc_team_item_title\"><a href=\"https:\/\/festivalpoesiabsas.com.ar\/festivales-anteriores\/?team=ruth-llana\">Ruth Llana<\/a><\/h5>\n\t\t\t\t\t<div class=\"sc_team_item_position\">Espa\u00f1a<\/div>\n\t\t\t\t<\/div>\n\t\t\t<\/div>\n\t\t<\/div><div class=\"column-1_4 column_padding_bottom\">\t\t\t<div id=\"sc_team_1252319076_20\"\t\t\t\tclass=\"sc_team_item sc_team_item_20 even\"\n\t\t\t\t>\n\t\t\t\t<div class=\"sc_team_item_avatar\"><img loading=\"lazy\" decoding=\"async\" class=\"wp-post-image\" width=\"370\" height=\"370\" alt=\"Silvina L\u00f3pez Medin\" src=\"https:\/\/festivalpoesiabsas.com.ar\/festivales-anteriores\/wp-content\/uploads\/2021\/10\/poeta-Silvina-Lo\u0301pez-Medin-foto-b-y-n-last_cre\u0301dito-Marti\u0301n-Sonzogni-2-370x370.jpg\">\t\t\t\t\t<div class=\"sc_team_item_hover\">\n\t\t\t\t\t\t<div class=\"sc_team_item_socials\"><\/div>\n\t\t\t\t\t<\/div>\n\t\t\t\t<\/div>\n\t\t\t\t<div class=\"sc_team_item_info\">\n                    \t\t\t\t\t<h5 class=\"sc_team_item_title\"><a href=\"https:\/\/festivalpoesiabsas.com.ar\/festivales-anteriores\/?team=silvina-lopez-medin\">Silvina L\u00f3pez Medin<\/a><\/h5>\n\t\t\t\t\t<div class=\"sc_team_item_position\">Argentina\/ EEUU<\/div>\n\t\t\t\t<\/div>\n\t\t\t<\/div>\n\t\t<\/div><div class=\"column-1_4 column_padding_bottom\">\t\t\t<div id=\"sc_team_1252319076_21\"\t\t\t\tclass=\"sc_team_item sc_team_item_21 odd\"\n\t\t\t\t>\n\t\t\t\t<div class=\"sc_team_item_avatar\"><img loading=\"lazy\" decoding=\"async\" class=\"wp-post-image\" width=\"370\" height=\"370\" alt=\"Paula Maffia\" src=\"https:\/\/festivalpoesiabsas.com.ar\/festivales-anteriores\/wp-content\/uploads\/2021\/10\/PaulaMaffia-8-370x370.jpg\">\t\t\t\t\t<div class=\"sc_team_item_hover\">\n\t\t\t\t\t\t<div class=\"sc_team_item_socials\"><\/div>\n\t\t\t\t\t<\/div>\n\t\t\t\t<\/div>\n\t\t\t\t<div class=\"sc_team_item_info\">\n                    \t\t\t\t\t<h5 class=\"sc_team_item_title\"><a href=\"https:\/\/festivalpoesiabsas.com.ar\/festivales-anteriores\/?team=paula-maffia\">Paula Maffia<\/a><\/h5>\n\t\t\t\t\t<div class=\"sc_team_item_position\">CABA, Argentina<\/div>\n\t\t\t\t<\/div>\n\t\t\t<\/div>\n\t\t<\/div><div class=\"column-1_4 column_padding_bottom\">\t\t\t<div id=\"sc_team_1252319076_22\"\t\t\t\tclass=\"sc_team_item sc_team_item_22 even\"\n\t\t\t\t>\n\t\t\t\t<div class=\"sc_team_item_avatar\"><img loading=\"lazy\" decoding=\"async\" class=\"wp-post-image\" width=\"370\" height=\"370\" alt=\"Claudia Melnik\" src=\"https:\/\/festivalpoesiabsas.com.ar\/festivales-anteriores\/wp-content\/uploads\/2021\/09\/Poeta-Claudiamelnik-phNicolasTykocki-370x370.jpg\">\t\t\t\t\t<div class=\"sc_team_item_hover\">\n\t\t\t\t\t\t<div class=\"sc_team_item_socials\"><\/div>\n\t\t\t\t\t<\/div>\n\t\t\t\t<\/div>\n\t\t\t\t<div class=\"sc_team_item_info\">\n                    \t\t\t\t\t<h5 class=\"sc_team_item_title\"><a href=\"https:\/\/festivalpoesiabsas.com.ar\/festivales-anteriores\/?team=claudia-melnik\">Claudia Melnik<\/a><\/h5>\n\t\t\t\t\t<div class=\"sc_team_item_position\">CABA, Argentina<\/div>\n\t\t\t\t<\/div>\n\t\t\t<\/div>\n\t\t<\/div><div class=\"column-1_4 column_padding_bottom\">\t\t\t<div id=\"sc_team_1252319076_23\"\t\t\t\tclass=\"sc_team_item sc_team_item_23 odd\"\n\t\t\t\t>\n\t\t\t\t<div class=\"sc_team_item_avatar\"><img loading=\"lazy\" decoding=\"async\" class=\"wp-post-image\" width=\"370\" height=\"370\" alt=\"Ver\u00f3nica Merli\" src=\"https:\/\/festivalpoesiabsas.com.ar\/festivales-anteriores\/wp-content\/uploads\/2021\/09\/Poeta-merli-veronica-2-370x370.jpg\">\t\t\t\t\t<div class=\"sc_team_item_hover\">\n\t\t\t\t\t\t<div class=\"sc_team_item_socials\"><\/div>\n\t\t\t\t\t<\/div>\n\t\t\t\t<\/div>\n\t\t\t\t<div class=\"sc_team_item_info\">\n                    \t\t\t\t\t<h5 class=\"sc_team_item_title\"><a href=\"https:\/\/festivalpoesiabsas.com.ar\/festivales-anteriores\/?team=veronica-merli\">Ver\u00f3nica Merli<\/a><\/h5>\n\t\t\t\t\t<div class=\"sc_team_item_position\">R\u00edo Negro, Argentina<\/div>\n\t\t\t\t<\/div>\n\t\t\t<\/div>\n\t\t<\/div><div class=\"column-1_4 column_padding_bottom\">\t\t\t<div id=\"sc_team_1252319076_24\"\t\t\t\tclass=\"sc_team_item sc_team_item_24 even\"\n\t\t\t\t>\n\t\t\t\t<div class=\"sc_team_item_avatar\"><img loading=\"lazy\" decoding=\"async\" class=\"wp-post-image\" width=\"370\" height=\"370\" alt=\"\u00c1lvaro Ojeda Betancor\" src=\"https:\/\/festivalpoesiabsas.com.ar\/festivales-anteriores\/wp-content\/uploads\/2021\/09\/Poeta-A\u0301lvaro-Ojeda-foto-Vi\u0301ctor-Cunha-370x370.jpg\">\t\t\t\t\t<div class=\"sc_team_item_hover\">\n\t\t\t\t\t\t<div class=\"sc_team_item_socials\"><\/div>\n\t\t\t\t\t<\/div>\n\t\t\t\t<\/div>\n\t\t\t\t<div class=\"sc_team_item_info\">\n                    \t\t\t\t\t<h5 class=\"sc_team_item_title\"><a href=\"https:\/\/festivalpoesiabsas.com.ar\/festivales-anteriores\/?team=alvaro-ojeda-betancor\">\u00c1lvaro Ojeda Betancor<\/a><\/h5>\n\t\t\t\t\t<div class=\"sc_team_item_position\">Uruguay<\/div>\n\t\t\t\t<\/div>\n\t\t\t<\/div>\n\t\t<\/div><div class=\"column-1_4 column_padding_bottom\">\t\t\t<div id=\"sc_team_1252319076_25\"\t\t\t\tclass=\"sc_team_item sc_team_item_25 odd\"\n\t\t\t\t>\n\t\t\t\t<div class=\"sc_team_item_avatar\"><img loading=\"lazy\" decoding=\"async\" class=\"wp-post-image\" width=\"370\" height=\"370\" alt=\"Dar\u00edo Oliva\" src=\"https:\/\/festivalpoesiabsas.com.ar\/festivales-anteriores\/wp-content\/uploads\/2021\/10\/FOTO-DE-DARI\u0301O-OLIVA-FOTO\u0301GRAFO-CARLOS-MASCIONI-370x370.jpg\">\t\t\t\t\t<div class=\"sc_team_item_hover\">\n\t\t\t\t\t\t<div class=\"sc_team_item_socials\"><\/div>\n\t\t\t\t\t<\/div>\n\t\t\t\t<\/div>\n\t\t\t\t<div class=\"sc_team_item_info\">\n                    \t\t\t\t\t<h5 class=\"sc_team_item_title\"><a href=\"https:\/\/festivalpoesiabsas.com.ar\/festivales-anteriores\/?team=dario-oliva\">Dar\u00edo Oliva<\/a><\/h5>\n\t\t\t\t\t<div class=\"sc_team_item_position\">San Luis, Argentina<\/div>\n\t\t\t\t<\/div>\n\t\t\t<\/div>\n\t\t<\/div><div class=\"column-1_4 column_padding_bottom\">\t\t\t<div id=\"sc_team_1252319076_26\"\t\t\t\tclass=\"sc_team_item sc_team_item_26 even\"\n\t\t\t\t>\n\t\t\t\t<div class=\"sc_team_item_avatar\"><img loading=\"lazy\" decoding=\"async\" class=\"wp-post-image\" width=\"370\" height=\"370\" alt=\"Rafael Felipe Oteri\u00f1o\" src=\"https:\/\/festivalpoesiabsas.com.ar\/festivales-anteriores\/wp-content\/uploads\/2021\/10\/poeta-Oterin\u0303o-RF-370x370.jpg\">\t\t\t\t\t<div class=\"sc_team_item_hover\">\n\t\t\t\t\t\t<div class=\"sc_team_item_socials\"><\/div>\n\t\t\t\t\t<\/div>\n\t\t\t\t<\/div>\n\t\t\t\t<div class=\"sc_team_item_info\">\n                    \t\t\t\t\t<h5 class=\"sc_team_item_title\"><a href=\"https:\/\/festivalpoesiabsas.com.ar\/festivales-anteriores\/?team=rafael-felipe-oterino\">Rafael Felipe Oteri\u00f1o<\/a><\/h5>\n\t\t\t\t\t<div class=\"sc_team_item_position\">La Plata\/ Mar del Plata, Argentina<\/div>\n\t\t\t\t<\/div>\n\t\t\t<\/div>\n\t\t<\/div><div class=\"column-1_4 column_padding_bottom\">\t\t\t<div id=\"sc_team_1252319076_27\"\t\t\t\tclass=\"sc_team_item sc_team_item_27 odd\"\n\t\t\t\t>\n\t\t\t\t<div class=\"sc_team_item_avatar\"><img loading=\"lazy\" decoding=\"async\" class=\"wp-post-image\" width=\"370\" height=\"370\" alt=\"Yumiko Otomasu\" src=\"https:\/\/festivalpoesiabsas.com.ar\/festivales-anteriores\/wp-content\/uploads\/2021\/09\/Poeta-Yumiko-Suzuki-foto-Futoshi-Hamaguchi-370x370.jpg\">\t\t\t\t\t<div class=\"sc_team_item_hover\">\n\t\t\t\t\t\t<div class=\"sc_team_item_socials\"><\/div>\n\t\t\t\t\t<\/div>\n\t\t\t\t<\/div>\n\t\t\t\t<div class=\"sc_team_item_info\">\n                    \t\t\t\t\t<h5 class=\"sc_team_item_title\"><a href=\"https:\/\/festivalpoesiabsas.com.ar\/festivales-anteriores\/?team=yumiko-suzuki\">Yumiko Otomasu<\/a><\/h5>\n\t\t\t\t\t<div class=\"sc_team_item_position\">Jap\u00f3n<\/div>\n\t\t\t\t<\/div>\n\t\t\t<\/div>\n\t\t<\/div><div class=\"column-1_4 column_padding_bottom\">\t\t\t<div id=\"sc_team_1252319076_28\"\t\t\t\tclass=\"sc_team_item sc_team_item_28 even\"\n\t\t\t\t>\n\t\t\t\t<div class=\"sc_team_item_avatar\"><img loading=\"lazy\" decoding=\"async\" class=\"wp-post-image\" width=\"370\" height=\"370\" alt=\"Valeria Pariso\" src=\"https:\/\/festivalpoesiabsas.com.ar\/festivales-anteriores\/wp-content\/uploads\/2021\/09\/Poeta-Valeria-Pariso-370x370.jpg\">\t\t\t\t\t<div class=\"sc_team_item_hover\">\n\t\t\t\t\t\t<div class=\"sc_team_item_socials\"><\/div>\n\t\t\t\t\t<\/div>\n\t\t\t\t<\/div>\n\t\t\t\t<div class=\"sc_team_item_info\">\n                    \t\t\t\t\t<h5 class=\"sc_team_item_title\"><a href=\"https:\/\/festivalpoesiabsas.com.ar\/festivales-anteriores\/?team=valeria-pariso\">Valeria Pariso<\/a><\/h5>\n\t\t\t\t\t<div class=\"sc_team_item_position\">Buenos Aires, Argentina<\/div>\n\t\t\t\t<\/div>\n\t\t\t<\/div>\n\t\t<\/div><div class=\"column-1_4 column_padding_bottom\">\t\t\t<div id=\"sc_team_1252319076_29\"\t\t\t\tclass=\"sc_team_item sc_team_item_29 odd\"\n\t\t\t\t>\n\t\t\t\t<div class=\"sc_team_item_avatar\"><img loading=\"lazy\" decoding=\"async\" class=\"wp-post-image\" width=\"370\" height=\"370\" alt=\"Alex Pausides\" src=\"https:\/\/festivalpoesiabsas.com.ar\/festivales-anteriores\/wp-content\/uploads\/2021\/10\/poeta-AlexPausides-370x370.jpg\">\t\t\t\t\t<div class=\"sc_team_item_hover\">\n\t\t\t\t\t\t<div class=\"sc_team_item_socials\"><\/div>\n\t\t\t\t\t<\/div>\n\t\t\t\t<\/div>\n\t\t\t\t<div class=\"sc_team_item_info\">\n                    \t\t\t\t\t<h5 class=\"sc_team_item_title\"><a href=\"https:\/\/festivalpoesiabsas.com.ar\/festivales-anteriores\/?team=alex-pausides\">Alex Pausides<\/a><\/h5>\n\t\t\t\t\t<div class=\"sc_team_item_position\">Cuba<\/div>\n\t\t\t\t<\/div>\n\t\t\t<\/div>\n\t\t<\/div><div class=\"column-1_4 column_padding_bottom\">\t\t\t<div id=\"sc_team_1252319076_30\"\t\t\t\tclass=\"sc_team_item sc_team_item_30 even\"\n\t\t\t\t>\n\t\t\t\t<div class=\"sc_team_item_avatar\"><img loading=\"lazy\" decoding=\"async\" class=\"wp-post-image\" width=\"370\" height=\"370\" alt=\"Cristina P\u00e9rez\" src=\"https:\/\/festivalpoesiabsas.com.ar\/festivales-anteriores\/wp-content\/uploads\/2021\/10\/Cristina-Perez-370x370.jpg\">\t\t\t\t\t<div class=\"sc_team_item_hover\">\n\t\t\t\t\t\t<div class=\"sc_team_item_socials\"><\/div>\n\t\t\t\t\t<\/div>\n\t\t\t\t<\/div>\n\t\t\t\t<div class=\"sc_team_item_info\">\n                    \t\t\t\t\t<h5 class=\"sc_team_item_title\"><a href=\"https:\/\/festivalpoesiabsas.com.ar\/festivales-anteriores\/?team=cristina-perez\">Cristina P\u00e9rez<\/a><\/h5>\n\t\t\t\t\t<div class=\"sc_team_item_position\">Tucum\u00e1n\/CABA, Argentina<\/div>\n\t\t\t\t<\/div>\n\t\t\t<\/div>\n\t\t<\/div><div class=\"column-1_4 column_padding_bottom\">\t\t\t<div id=\"sc_team_1252319076_31\"\t\t\t\tclass=\"sc_team_item sc_team_item_31 odd\"\n\t\t\t\t>\n\t\t\t\t<div class=\"sc_team_item_avatar\"><img loading=\"lazy\" decoding=\"async\" class=\"wp-post-image\" width=\"370\" height=\"370\" alt=\"Juan Ramazzotti\" src=\"https:\/\/festivalpoesiabsas.com.ar\/festivales-anteriores\/wp-content\/uploads\/2021\/09\/Poeta-Juan-Bautista-foto-Gonzalo-Rodrigo-370x370.jpg\">\t\t\t\t\t<div class=\"sc_team_item_hover\">\n\t\t\t\t\t\t<div class=\"sc_team_item_socials\"><\/div>\n\t\t\t\t\t<\/div>\n\t\t\t\t<\/div>\n\t\t\t\t<div class=\"sc_team_item_info\">\n                    \t\t\t\t\t<h5 class=\"sc_team_item_title\"><a href=\"https:\/\/festivalpoesiabsas.com.ar\/festivales-anteriores\/?team=juan-bautista\">Juan Ramazzotti<\/a><\/h5>\n\t\t\t\t\t<div class=\"sc_team_item_position\">Tucum\u00e1n, Argentina<\/div>\n\t\t\t\t<\/div>\n\t\t\t<\/div>\n\t\t<\/div><div class=\"column-1_4 column_padding_bottom\">\t\t\t<div id=\"sc_team_1252319076_32\"\t\t\t\tclass=\"sc_team_item sc_team_item_32 even\"\n\t\t\t\t>\n\t\t\t\t<div class=\"sc_team_item_avatar\"><img loading=\"lazy\" decoding=\"async\" class=\"wp-post-image\" width=\"370\" height=\"370\" alt=\"Diane R\u00e9gimbald\" src=\"https:\/\/festivalpoesiabsas.com.ar\/festivales-anteriores\/wp-content\/uploads\/2021\/09\/Poeta-Diane_Re\u0301gimbald-Foto_Kyril_Dube\u0301-370x370.jpg\">\t\t\t\t\t<div class=\"sc_team_item_hover\">\n\t\t\t\t\t\t<div class=\"sc_team_item_socials\"><\/div>\n\t\t\t\t\t<\/div>\n\t\t\t\t<\/div>\n\t\t\t\t<div class=\"sc_team_item_info\">\n                    \t\t\t\t\t<h5 class=\"sc_team_item_title\"><a href=\"https:\/\/festivalpoesiabsas.com.ar\/festivales-anteriores\/?team=diane-regimbald\">Diane R\u00e9gimbald<\/a><\/h5>\n\t\t\t\t\t<div class=\"sc_team_item_position\">Canad\u00e1<\/div>\n\t\t\t\t<\/div>\n\t\t\t<\/div>\n\t\t<\/div><div class=\"column-1_4 column_padding_bottom\">\t\t\t<div id=\"sc_team_1252319076_33\"\t\t\t\tclass=\"sc_team_item sc_team_item_33 odd\"\n\t\t\t\t>\n\t\t\t\t<div class=\"sc_team_item_avatar\"><img loading=\"lazy\" decoding=\"async\" class=\"wp-post-image\" width=\"370\" height=\"370\" alt=\"Miriam Reyes\" src=\"https:\/\/festivalpoesiabsas.com.ar\/festivales-anteriores\/wp-content\/uploads\/2021\/10\/Mirian-Reyes-370x370.jpg\">\t\t\t\t\t<div class=\"sc_team_item_hover\">\n\t\t\t\t\t\t<div class=\"sc_team_item_socials\"><\/div>\n\t\t\t\t\t<\/div>\n\t\t\t\t<\/div>\n\t\t\t\t<div class=\"sc_team_item_info\">\n                    \t\t\t\t\t<h5 class=\"sc_team_item_title\"><a href=\"https:\/\/festivalpoesiabsas.com.ar\/festivales-anteriores\/?team=miriam-reyes\">Miriam Reyes<\/a><\/h5>\n\t\t\t\t\t<div class=\"sc_team_item_position\">Espa\u00f1a<\/div>\n\t\t\t\t<\/div>\n\t\t\t<\/div>\n\t\t<\/div><div class=\"column-1_4 column_padding_bottom\">\t\t\t<div id=\"sc_team_1252319076_34\"\t\t\t\tclass=\"sc_team_item sc_team_item_34 even\"\n\t\t\t\t>\n\t\t\t\t<div class=\"sc_team_item_avatar\"><img loading=\"lazy\" decoding=\"async\" class=\"wp-post-image\" width=\"370\" height=\"370\" alt=\"Reina Mar\u00eda Rodr\u00edguez\" src=\"https:\/\/festivalpoesiabsas.com.ar\/festivales-anteriores\/wp-content\/uploads\/2021\/09\/Poeta-ReinaMariaRodriguez-phElis-Milena-Webb-370x370.jpg\">\t\t\t\t\t<div class=\"sc_team_item_hover\">\n\t\t\t\t\t\t<div class=\"sc_team_item_socials\"><\/div>\n\t\t\t\t\t<\/div>\n\t\t\t\t<\/div>\n\t\t\t\t<div class=\"sc_team_item_info\">\n                    \t\t\t\t\t<h5 class=\"sc_team_item_title\"><a href=\"https:\/\/festivalpoesiabsas.com.ar\/festivales-anteriores\/?team=reina-maria-rodriguez-2\">Reina Mar\u00eda Rodr\u00edguez<\/a><\/h5>\n\t\t\t\t\t<div class=\"sc_team_item_position\">Cuba<\/div>\n\t\t\t\t<\/div>\n\t\t\t<\/div>\n\t\t<\/div><div class=\"column-1_4 column_padding_bottom\">\t\t\t<div id=\"sc_team_1252319076_35\"\t\t\t\tclass=\"sc_team_item sc_team_item_35 odd\"\n\t\t\t\t>\n\t\t\t\t<div class=\"sc_team_item_avatar\"><img loading=\"lazy\" decoding=\"async\" class=\"wp-post-image\" width=\"370\" height=\"370\" alt=\"Mario Sampaolesi\" src=\"https:\/\/festivalpoesiabsas.com.ar\/festivales-anteriores\/wp-content\/uploads\/2021\/09\/foto_Mario_Sampaolesi-370x370.jpg\">\t\t\t\t\t<div class=\"sc_team_item_hover\">\n\t\t\t\t\t\t<div class=\"sc_team_item_socials\"><\/div>\n\t\t\t\t\t<\/div>\n\t\t\t\t<\/div>\n\t\t\t\t<div class=\"sc_team_item_info\">\n                    \t\t\t\t\t<h5 class=\"sc_team_item_title\"><a href=\"https:\/\/festivalpoesiabsas.com.ar\/festivales-anteriores\/?team=mario-sampaolesi\">Mario Sampaolesi<\/a><\/h5>\n\t\t\t\t\t<div class=\"sc_team_item_position\">CABA, Argentina<\/div>\n\t\t\t\t<\/div>\n\t\t\t<\/div>\n\t\t<\/div><div class=\"column-1_4 column_padding_bottom\">\t\t\t<div id=\"sc_team_1252319076_36\"\t\t\t\tclass=\"sc_team_item sc_team_item_36 even\"\n\t\t\t\t>\n\t\t\t\t<div class=\"sc_team_item_avatar\"><img loading=\"lazy\" decoding=\"async\" class=\"wp-post-image\" width=\"370\" height=\"370\" alt=\"Beatriz Schaefer Pe\u00f1a\" src=\"https:\/\/festivalpoesiabsas.com.ar\/festivales-anteriores\/wp-content\/uploads\/2021\/09\/Poeta-Beatriz-Schaefer-370x370.jpg\">\t\t\t\t\t<div class=\"sc_team_item_hover\">\n\t\t\t\t\t\t<div class=\"sc_team_item_socials\"><\/div>\n\t\t\t\t\t<\/div>\n\t\t\t\t<\/div>\n\t\t\t\t<div class=\"sc_team_item_info\">\n                    \t\t\t\t\t<h5 class=\"sc_team_item_title\"><a href=\"https:\/\/festivalpoesiabsas.com.ar\/festivales-anteriores\/?team=beatriz-schaefer-pena\">Beatriz Schaefer Pe\u00f1a<\/a><\/h5>\n\t\t\t\t\t<div class=\"sc_team_item_position\">CABA, Argentina<\/div>\n\t\t\t\t<\/div>\n\t\t\t<\/div>\n\t\t<\/div><div class=\"column-1_4 column_padding_bottom\">\t\t\t<div id=\"sc_team_1252319076_37\"\t\t\t\tclass=\"sc_team_item sc_team_item_37 odd\"\n\t\t\t\t>\n\t\t\t\t<div class=\"sc_team_item_avatar\"><img loading=\"lazy\" decoding=\"async\" class=\"wp-post-image\" width=\"370\" height=\"370\" alt=\"Cecilia Vicu\u00f1a\" src=\"https:\/\/festivalpoesiabsas.com.ar\/festivales-anteriores\/wp-content\/uploads\/2021\/10\/Cecilia-Vicun\u0303a-foto-Daniela-Aravena-370x370.jpg\">\t\t\t\t\t<div class=\"sc_team_item_hover\">\n\t\t\t\t\t\t<div class=\"sc_team_item_socials\"><\/div>\n\t\t\t\t\t<\/div>\n\t\t\t\t<\/div>\n\t\t\t\t<div class=\"sc_team_item_info\">\n                    \t\t\t\t\t<h5 class=\"sc_team_item_title\"><a href=\"https:\/\/festivalpoesiabsas.com.ar\/festivales-anteriores\/?team=cecilia-vicuna\">Cecilia Vicu\u00f1a<\/a><\/h5>\n\t\t\t\t\t<div class=\"sc_team_item_position\">Chile \/ EEUU<\/div>\n\t\t\t\t<\/div>\n\t\t\t<\/div>\n\t\t<\/div><div class=\"column-1_4 column_padding_bottom\">\t\t\t<div id=\"sc_team_1252319076_38\"\t\t\t\tclass=\"sc_team_item sc_team_item_38 even\"\n\t\t\t\t>\n\t\t\t\t<div class=\"sc_team_item_avatar\"><img loading=\"lazy\" decoding=\"async\" class=\"wp-post-image\" width=\"370\" height=\"370\" alt=\"Jos\u00e9 Javier Villarreal\" src=\"https:\/\/festivalpoesiabsas.com.ar\/festivales-anteriores\/wp-content\/uploads\/2021\/09\/Poeta-Jose\u0301-Javier-Villareal_Foto-Juan-Rodrigo-Llaguno-1-9-370x370.jpg\">\t\t\t\t\t<div class=\"sc_team_item_hover\">\n\t\t\t\t\t\t<div class=\"sc_team_item_socials\"><\/div>\n\t\t\t\t\t<\/div>\n\t\t\t\t<\/div>\n\t\t\t\t<div class=\"sc_team_item_info\">\n                    \t\t\t\t\t<h5 class=\"sc_team_item_title\"><a href=\"https:\/\/festivalpoesiabsas.com.ar\/festivales-anteriores\/?team=jose-javier-villarreal\">Jos\u00e9 Javier Villarreal<\/a><\/h5>\n\t\t\t\t\t<div class=\"sc_team_item_position\">M\u00e9xico<\/div>\n\t\t\t\t<\/div>\n\t\t\t<\/div>\n\t\t<\/div><div class=\"column-1_4 column_padding_bottom\">\t\t\t<div id=\"sc_team_1252319076_39\"\t\t\t\tclass=\"sc_team_item sc_team_item_39 odd\"\n\t\t\t\t>\n\t\t\t\t<div class=\"sc_team_item_avatar\"><img loading=\"lazy\" decoding=\"async\" class=\"wp-post-image\" width=\"370\" height=\"370\" alt=\"Lidia Vinciguerra\" src=\"https:\/\/festivalpoesiabsas.com.ar\/festivales-anteriores\/wp-content\/uploads\/2021\/09\/poeta_Lidia_Vinciguerra_-Cre\u0301ditos-Claudio-Vinciguerra-1-370x370.jpg\">\t\t\t\t\t<div class=\"sc_team_item_hover\">\n\t\t\t\t\t\t<div class=\"sc_team_item_socials\"><\/div>\n\t\t\t\t\t<\/div>\n\t\t\t\t<\/div>\n\t\t\t\t<div class=\"sc_team_item_info\">\n                    \t\t\t\t\t<h5 class=\"sc_team_item_title\"><a href=\"https:\/\/festivalpoesiabsas.com.ar\/festivales-anteriores\/?team=lidia-vinciguerra\">Lidia Vinciguerra<\/a><\/h5>\n\t\t\t\t\t<div class=\"sc_team_item_position\">CABA, Argentina<\/div>\n\t\t\t\t<\/div>\n\t\t\t<\/div>\n\t\t<\/div><div class=\"column-1_4 column_padding_bottom\">\t\t\t<div id=\"sc_team_1252319076_40\"\t\t\t\tclass=\"sc_team_item sc_team_item_40 even\"\n\t\t\t\t>\n\t\t\t\t<div class=\"sc_team_item_avatar\"><img loading=\"lazy\" decoding=\"async\" class=\"wp-post-image\" width=\"370\" height=\"370\" alt=\"Katariina Vuorinen\" src=\"https:\/\/festivalpoesiabsas.com.ar\/festivales-anteriores\/wp-content\/uploads\/2021\/09\/Katariina-Vuorinen-kuva-Mikaela-Lo\u0308froth-370x370.jpg\">\t\t\t\t\t<div class=\"sc_team_item_hover\">\n\t\t\t\t\t\t<div class=\"sc_team_item_socials\"><\/div>\n\t\t\t\t\t<\/div>\n\t\t\t\t<\/div>\n\t\t\t\t<div class=\"sc_team_item_info\">\n                    \t\t\t\t\t<h5 class=\"sc_team_item_title\"><a href=\"https:\/\/festivalpoesiabsas.com.ar\/festivales-anteriores\/?team=katariina-vuorinen\">Katariina Vuorinen<\/a><\/h5>\n\t\t\t\t\t<div class=\"sc_team_item_position\">Finlandia<\/div>\n\t\t\t\t<\/div>\n\t\t\t<\/div>\n\t\t<\/div><div class=\"column-1_4 column_padding_bottom\">\t\t\t<div id=\"sc_team_1252319076_41\"\t\t\t\tclass=\"sc_team_item sc_team_item_41 odd\"\n\t\t\t\t>\n\t\t\t\t<div class=\"sc_team_item_avatar\"><img loading=\"lazy\" decoding=\"async\" class=\"wp-post-image\" width=\"370\" height=\"370\" alt=\"Lila Zemborain\" src=\"https:\/\/festivalpoesiabsas.com.ar\/festivales-anteriores\/wp-content\/uploads\/2021\/09\/Poeta-Lila-Zemborain-foto-Ezequiel-Zaidenwerg-370x370.jpg\">\t\t\t\t\t<div class=\"sc_team_item_hover\">\n\t\t\t\t\t\t<div class=\"sc_team_item_socials\"><\/div>\n\t\t\t\t\t<\/div>\n\t\t\t\t<\/div>\n\t\t\t\t<div class=\"sc_team_item_info\">\n                    \t\t\t\t\t<h5 class=\"sc_team_item_title\"><a href=\"https:\/\/festivalpoesiabsas.com.ar\/festivales-anteriores\/?team=lila-zemborain\">Lila Zemborain<\/a><\/h5>\n\t\t\t\t\t<div class=\"sc_team_item_position\">Argentina \/ EEUU<\/div>\n\t\t\t\t<\/div>\n\t\t\t<\/div>\n\t\t<\/div><\/div><\/div><!-- \/.sc_team --><\/div><!-- \/.sc_team_wrap -->[\/vc_column][\/vc_row]<\/p>\n<\/div><!-- AddThis Advanced Settings generic via filter on the_content --><!-- AddThis Share Buttons generic via filter on the_content -->","protected":false},"excerpt":{"rendered":"<p>[vc_row full_width=&#8221;stretch_row_content_no_spaces&#8221; inverse=&#8221;&#8221;][vc_column][vc_single_image image=&#8221;9471&#8243; img_size=&#8221;full&#8221; alignment=&#8221;center&#8221;][\/vc_column][\/vc_row][vc_row full_width=&#8221;stretch_row_content&#8221; scheme=&#8221;original&#8221; inverse=&#8221;&#8221; css=&#8221;.vc_custom_1632192501309{padding-top: 0px !important;background-color: #5ad8f4 !important;}&#8221;][vc_column][\/vc_column][\/vc_row]<!-- AddThis Advanced Settings generic via filter on get_the_excerpt --><!-- AddThis Share Buttons generic via filter on get_the_excerpt --><\/p>\n","protected":false},"author":1,"featured_media":0,"parent":0,"menu_order":0,"comment_status":"closed","ping_status":"closed","template":"","meta":{"footnotes":""},"_links":{"self":[{"href":"https:\/\/festivalpoesiabsas.com.ar\/festivales-anteriores\/index.php?rest_route=\/wp\/v2\/pages\/8694"}],"collection":[{"href":"https:\/\/festivalpoesiabsas.com.ar\/festivales-anteriores\/index.php?rest_route=\/wp\/v2\/pages"}],"about":[{"href":"https:\/\/festivalpoesiabsas.com.ar\/festivales-anteriores\/index.php?rest_route=\/wp\/v2\/types\/page"}],"author":[{"embeddable":true,"href":"https:\/\/festivalpoesiabsas.com.ar\/festivales-anteriores\/index.php?rest_route=\/wp\/v2\/users\/1"}],"replies":[{"embeddable":true,"href":"https:\/\/festivalpoesiabsas.com.ar\/festivales-anteriores\/index.php?rest_route=%2Fwp%2Fv2%2Fcomments&post=8694"}],"version-history":[{"count":15,"href":"https:\/\/festivalpoesiabsas.com.ar\/festivales-anteriores\/index.php?rest_route=\/wp\/v2\/pages\/8694\/revisions"}],"predecessor-version":[{"id":9472,"href":"https:\/\/festivalpoesiabsas.com.ar\/festivales-anteriores\/index.php?rest_route=\/wp\/v2\/pages\/8694\/revisions\/9472"}],"wp:attachment":[{"href":"https:\/\/festivalpoesiabsas.com.ar\/festivales-anteriores\/index.php?rest_route=%2Fwp%2Fv2%2Fmedia&parent=8694"}],"curies":[{"name":"wp","href":"https:\/\/api.w.org\/{rel}","templated":true}]}}